{"id":2028,"date":"2016-12-05T08:20:58","date_gmt":"2016-12-05T07:20:58","guid":{"rendered":"http:\/\/ck.gminakolno.pl\/?page_id=2028"},"modified":"2020-06-09T23:37:37","modified_gmt":"2020-06-09T21:37:37","slug":"sylwester-nicewicz","status":"publish","type":"page","link":"http:\/\/ck.gminakolno.pl\/?page_id=2028","title":{"rendered":"Sylwester Nicewicz"},"content":{"rendered":"<p><strong><a href=\"http:\/\/ck.gminakolno.pl\/?attachment_id=2029\" rel=\"attachment wp-att-2029\"><img data-recalc-dims=\"1\" loading=\"lazy\" decoding=\"async\" data-attachment-id=\"2029\" data-permalink=\"http:\/\/ck.gminakolno.pl\/?attachment_id=2029\" data-orig-file=\"https:\/\/i0.wp.com\/ck.gminakolno.pl\/wp-content\/uploads\/2016\/12\/jio.jpg?fit=356%2C533\" data-orig-size=\"356,533\" data-comments-opened=\"0\" data-image-meta=\"{&quot;aperture&quot;:&quot;0&quot;,&quot;credit&quot;:&quot;&quot;,&quot;camera&quot;:&quot;&quot;,&quot;caption&quot;:&quot;&quot;,&quot;created_timestamp&quot;:&quot;0&quot;,&quot;copyright&quot;:&quot;&quot;,&quot;focal_length&quot;:&quot;0&quot;,&quot;iso&quot;:&quot;0&quot;,&quot;shutter_speed&quot;:&quot;0&quot;,&quot;title&quot;:&quot;&quot;,&quot;orientation&quot;:&quot;0&quot;}\" data-image-title=\"jio\" data-image-description=\"\" data-image-caption=\"\" data-medium-file=\"https:\/\/i0.wp.com\/ck.gminakolno.pl\/wp-content\/uploads\/2016\/12\/jio.jpg?fit=200%2C300\" data-large-file=\"https:\/\/i0.wp.com\/ck.gminakolno.pl\/wp-content\/uploads\/2016\/12\/jio.jpg?fit=356%2C533\" class=\"aligncenter size-full wp-image-2029\" src=\"https:\/\/i0.wp.com\/ck.gminakolno.pl\/wp-content\/uploads\/2016\/12\/jio.jpg?resize=356%2C533\" alt=\"jio\" width=\"356\" height=\"533\" srcset=\"https:\/\/i0.wp.com\/ck.gminakolno.pl\/wp-content\/uploads\/2016\/12\/jio.jpg?w=356 356w, https:\/\/i0.wp.com\/ck.gminakolno.pl\/wp-content\/uploads\/2016\/12\/jio.jpg?resize=200%2C300 200w\" sizes=\"auto, (max-width: 356px) 100vw, 356px\" \/><\/a><\/strong><\/p>\n<p>Przedsi\u0119biorca, producent stolarki budowlanej w Ko\u017ale, pedagog, nauczyciel zawodu, autor wielu tekst\u00f3w\u00a0 w magazynach bran\u017cowych. Od 38 lat prowadzi dzia\u0142alno\u015b\u0107 gospodarcz\u0105 pod nazw\u0105 \u201eNICEWICZ Producent drzwi\u201d. Tworzy stanowiska pracy, daje zatrudnienie okolicznym mieszka\u0144com i szkoli m\u0142odzie\u017c w zawodzie stolarz. Wsp\u00f3\u0142pracuje z Ochotniczym Hufcem Pracy w \u0141om\u017cy i w Kolnie. Od 44 lat zwi\u0105zany z Rzemios\u0142em, obecnie pe\u0142ni funkcj\u0119 Podstarszego Cechu w w\u0142adzach Cechu Rzemie\u015blnik\u00f3w i Innych Przedsi\u0119biorc\u00f3w w \u0141om\u017cy. Cz\u0142onek komisji egzaminacyjnej w bran\u017cy stolarskiej. Za wk\u0142ad w rozw\u00f3j rzemios\u0142a i przedsi\u0119biorczo\u015bci oraz osi\u0105gni\u0119cia zawodowe wielokrotnie doceniany i nagradzany:<\/p>\n<ul>\n<li>01 pa\u017adziernika 2001r. odznaczony \u201eZ\u0141OT\u0104 ODZNAK\u0104 MISTRZA\u201d za szkolenie uczni\u00f3w w Rzemio\u015ble.<\/li>\n<li>Uchwa\u0142\u0105 Zarz\u0105du Izby Rzemie\u015blniczej i Przedsi\u0119biorczo\u015bci w dniu 21 maja 2003r odznaczony \u201eHONOROW\u0104 ODZNAK\u0104\u00a0 IZBY RZEMIE\u015aLNICZEJ I PZEDSI\u0118BIORCZO\u015aCI w Bia\u0142ymstoku\u201d.<\/li>\n<li>Uchwa\u0142\u0105 Prezydium Zarz\u0105du Zwi\u0105zku Rzemios\u0142a Polskiego z dnia 07 sierpnia 2007r, z okazji 60-lecia Cechu w \u0141om\u017cy\u00a0 odznaczony\u00a0 \u201eHONOROW\u0104 ODZNAK\u0104 RZEMIOS\u0141A\u201d.<\/li>\n<li>05 sierpnia 2008r wpis do encyklopedii WHO IS WHO w Polsce, kt\u00f3ra zawiera zbi\u00f3r biografii osobisto\u015bci ze wszystkich dziedzin \u017cycia publicznego, gospodarki, polityki, nauki, kultury i sztuki.<\/li>\n<li>Uchwa\u0142\u0105 Prezesa Zarz\u0105du Zwi\u0105zku Rzemios\u0142a Polskiego z dnia 10 czerwca 2013r wyr\u00f3\u017cniony SREBRNYM MEDALEM Imienia Jana Kili\u0144skiego za zas\u0142ugi dla rzemios\u0142a polskiego \u2013 wraz z odznak\u0105.<\/li>\n<li>28 sierpnia 2015r Dyplom Ministra Gospodarki, z okazji 25-lecia polskiej transformacji, w uznaniu za aktywne propagowanie idei ducha przedsi\u0119biorczo\u015bci oraz za zaanga\u017cowanie i wk\u0142ad w rozw\u00f3j polskiej gospodarki.<\/li>\n<li>W dniu 22 pa\u017adziernika 2016r Uchwal\u0105 Prezydium Zarz\u0105du Zwi\u0105zku Rzemios\u0142a Polskiego z dnia 25 kwietnia 2016r, wyr\u00f3\u017cniony Z\u0142otym Medalem im. Jana Kili\u0144skiego za zas\u0142ugi dla rzemios\u0142a polskiego \u2013 wraz z odznak\u0105.<\/li>\n<\/ul>\n<p>Zwi\u0105zany z kultur\u0105 Gminy i Powiatu Kolno, autor wspomnie\u0144 sybirackich, archiwista, reporter, kronikarz, fotografik. Laureat w konkursach fotograficznych i filmowym, zaanga\u017cowany w pracach jury konkurs\u00f3w fotograficznych. Bierze udzia\u0142 w Europejskim Festiwalu Filmowym i Sztuk Wszelakich &#8211; \u0141om\u017ca \u00a0\u201eJa i Ty\u201d. Wsp\u00f3\u0142organizator spacer\u00f3w fotograficznych m.in.: Kolne\u0144ski Spacer Fotograficzny &#8222;Tajemnice ulic\u201d, &#8222;Noc Bibliotek 2016&#8243; w Powiatowej Bibliotece Pedagogicznej w Kolnie &#8211; uchwycenie najlepszych kadr\u00f3w nocnego \u017cycia miasta pod has\u0142em \u201e Noc w obiektywie\u201d i \u201eSpacer fotograficzny po Ko\u017ale\u201d.<\/p>\n<p>Autor wielu film\u00f3w dokumentalnych, promocyjnych i reporta\u017cy m. in.: \u201eBunkry\u00a0 w okolicy Koz\u0142a\u201d, \u201eSprz\u0105tanie dna rzeki Pisy w Ko\u017ale\u201d, \u201eWieczernica z Janem Paw\u0142em II\u201d, \u201eRaczkowiacy dla Gminy Kolno\u201d, \u201eCzerwieniacy\u201d, \u201eJedyny na \u017bmudzi polski Zesp\u00f3\u0142 Pie\u015bni Ziemi Kiejda\u0144skiej Issa&#8221;, \u201ePoetka Irena Duchowska\u201d, \u201eObchody 77 rocznicy rozwi\u0105zania 110 Zapasowego Pu\u0142ku U\u0142an\u00f3w po\u0142\u0105czone z jubileuszem 600-lecia Janowa\u201d, \u201eJak to dawniej w Gminie Kolno bywa\u0142o \u2013 \u017bniwa w Borkowie\u201d, \u201eKolne\u0144ska Biesiada\u201d, \u201eNarodowe \u015awi\u0119to Niepodleg\u0142o\u015bci &#8211; Kolno 11 listopad 2016 r\u201d i wiele innych godnych uwagi.<\/p>\n<ul>\n<li>Za wk\u0142ad i pomoc w organizacj\u0119 wydarze\u0144 kulturalnych w 2012 roku, w dniu 24 stycznia 2013 r. decyzj\u0105 Kapitu\u0142y Towarzystwa &#8222;Jan z Kolna&#8221; otrzyma\u0142 nagrod\u0119 specjaln\u0105 &#8222;OWOC KULTURY&#8221;<\/li>\n<li>Za wspieranie lokalnej dzia\u0142alno\u015bci spo\u0142ecznej, kulturalnej, sportowej i utrwalanie na licznych fotografiach obrazu Gminy Kolno, w dniu 23 czerwca 2013r W\u00f3jt Giny Kolno Tadeusz Klama przyzna\u0142 tytu\u0142 \u201ePRZYJACIEL GMINY KOLNO\u201d<\/li>\n<li>Podzi\u0119kowanie za wk\u0142ad w rozw\u00f3j kultury w Gminie Kolno w sezonie 2015\/2016 z\u0142o\u017cy\u0142 J\u00f3zef Bogdan Wi\u015bniewski W\u00f3jt Gminy Kolno.<\/li>\n<li>Podzi\u0119kowanie od \u201eJa i Ty\u201d Stowarzyszenie Ludzi Aktywnie Naznaczonych, za \u017cyczliwo\u015b\u0107 i pomoc okazan\u0105 stowarzyszeniu podczas realizacji IV Europejskiego Festiwalu i Sztuk Wszelakich \u2013 \u201e\u0141om\u017ca Ja i Ty\u201d, za prezentacj\u0119 wystawy \u201ePasje\u201d oraz za dokumentacj\u0119 fotograficzn\u0105 i filmow\u0105 festiwalu.<\/li>\n<li>I wiele innych podzi\u0119kowa\u0144\u2026<\/li>\n<\/ul>\n<p>Wsp\u00f3\u0142pracuje z wieloma organizacjami pozarz\u0105dowymi, stowarzyszeniami i zespo\u0142ami ludowymi dzia\u0142aj\u0105cymi lokalnie i nie tylko. S\u0105 to: &#8222;JA I TY&#8221; Stowarzyszenie Ludzi Aktywnie Naznaczonych w \u0141om\u017cy, Kolno 4&#215;4, Polska Liga Wrak\u00f3w, Galeria Kreatywna Iwo \u015awi\u0105tkowski w \u0141om\u017cy, Stowarzyszenie KaFCuki z Czerwonego, Zesp\u00f3\u0142 Ludowy \u201eCzerwieniacy\u201d i wiele innych.<\/p>\n<p>Organizator wielu wystaw fotograficznych, spotka\u0144 z m\u0142odzie\u017c\u0105 i prelekcji, m. in.:<\/p>\n<ul>\n<li>Wielokrotnie na Nocy \u015awi\u0119toja\u0144skiej w Ko\u017ale.<\/li>\n<li>W Centrum Kultury Gminy Kolno w Ko\u017ale, Czerwonem, Zabielu i Lachowie.<\/li>\n<li>Na Nadnarwia\u0144skich Bulwarach w \u0141om\u017cy pt. \u201eSpotkanie z natur\u0105\u201d.<\/li>\n<li>W Szkole Podstawowej w Borkowie.<\/li>\n<li>W Szkole Podstawowej w Kuziach i Zb\u00f3jnej, Gmina Zb\u00f3jna pt. \u201eCztery pory roku w lesie\u201d,<\/li>\n<li>Kolne\u0144skim O\u015brodku Kultury i Sportu w Kolnie pt. &#8222;PASJE, HISTORIA, NATURA&#8221;.<\/li>\n<li>W Muzeum Diecezjalnym w \u0141om\u017cy 01 wrze\u015bnia 2015r. Wydarzenie to zainaugurowa\u0142o Europejski Festiwal Filmowy i Sztuk Wszelakich \u201e\u0141om\u017ca Ja i Ty\u201d.<\/li>\n<li>W Banku Sp\u00f3\u0142dzielczym w Kolnie i plac\u00f3wki terenowe Banku.<\/li>\n<li>Centrum Aktywno\u015bci Turystycznej i Kulturalnej &#8211; &#8222;Domek Pastora&#8221; w \u0141om\u017cy.<\/li>\n<li>W Hotelu w Ko\u017ale dla m\u0142odzie\u017cy ze Skandynawii.<\/li>\n<li>Centrum Spo\u0142eczne Paca w Warszawie \u2013 \u201ePolowanie z obiektywem\u201d<\/li>\n<li>W Galeria Kreatywna w \u0141om\u017cy Iwo \u015awi\u0105tkowski, pt. \u201ePasje\u201d. Wydarzenie to zainaugurowa\u0142o Europejski Festiwal Filmowy i Sztuk Wszelakich \u201e\u0141om\u017ca Ja i Ty\u201d.<\/li>\n<li>W Centrum Kultury Gminy Kolno w Lachowie pt. \u201ePrzyroda z nad Wincenty\u201e<\/li>\n<\/ul>\n<p>&nbsp;<\/p>\n<p>Wi\u0119cej informacji mo\u017cna uzyska\u0107 klikaj\u0105c na link:<\/p>\n<p>&nbsp;<\/p>\n<p><a href=\"http:\/\/www.foto.nicewicz.pl\">www.foto.nicewicz.pl<\/a><\/p>\n<p><a href=\"http:\/\/www.nicewicz.pl\">www.nicewicz.pl<\/a><\/p>\n<p><a href=\"mailto:nicewicz@vp.pl\">nicewicz@vp.pl<\/a><\/p>\n","protected":false},"excerpt":{"rendered":"<p>Przedsi\u0119biorca, producent stolarki budowlanej w Ko\u017ale, pedagog, nauczyciel zawodu, autor wielu tekst\u00f3w\u00a0 w magazynach bran\u017cowych. Od 38 lat prowadzi dzia\u0142alno\u015b\u0107 gospodarcz\u0105 pod nazw\u0105 \u201eNICEWICZ Producent drzwi\u201d. Tworzy stanowiska pracy, daje zatrudnienie okolicznym mieszka\u0144com i szkoli &hellip; <\/p>\n","protected":false},"author":1,"featured_media":2029,"parent":1983,"menu_order":1,"comment_status":"closed","ping_status":"closed","template":"","meta":{"jetpack_post_was_ever_published":false,"footnotes":""},"class_list":["post-2028","page","type-page","status-publish","has-post-thumbnail","hentry"],"jetpack_sharing_enabled":true,"jetpack_shortlink":"https:\/\/wp.me\/P3l35P-wI","jetpack-related-posts":[],"_links":{"self":[{"href":"http:\/\/ck.gminakolno.pl\/index.php?rest_route=\/wp\/v2\/pages\/2028","targetHints":{"allow":["GET"]}}],"collection":[{"href":"http:\/\/ck.gminakolno.pl\/index.php?rest_route=\/wp\/v2\/pages"}],"about":[{"href":"http:\/\/ck.gminakolno.pl\/index.php?rest_route=\/wp\/v2\/types\/page"}],"author":[{"embeddable":true,"href":"http:\/\/ck.gminakolno.pl\/index.php?rest_route=\/wp\/v2\/users\/1"}],"replies":[{"embeddable":true,"href":"http:\/\/ck.gminakolno.pl\/index.php?rest_route=%2Fwp%2Fv2%2Fcomments&post=2028"}],"version-history":[{"count":3,"href":"http:\/\/ck.gminakolno.pl\/index.php?rest_route=\/wp\/v2\/pages\/2028\/revisions"}],"predecessor-version":[{"id":2053,"href":"http:\/\/ck.gminakolno.pl\/index.php?rest_route=\/wp\/v2\/pages\/2028\/revisions\/2053"}],"up":[{"embeddable":true,"href":"http:\/\/ck.gminakolno.pl\/index.php?rest_route=\/wp\/v2\/pages\/1983"}],"wp:featuredmedia":[{"embeddable":true,"href":"http:\/\/ck.gminakolno.pl\/index.php?rest_route=\/wp\/v2\/media\/2029"}],"wp:attachment":[{"href":"http:\/\/ck.gminakolno.pl\/index.php?rest_route=%2Fwp%2Fv2%2Fmedia&parent=2028"}],"curies":[{"name":"wp","href":"https:\/\/api.w.org\/{rel}","templated":true}]}}